{"id":197,"date":"2021-01-19T10:24:07","date_gmt":"2021-01-19T10:24:07","guid":{"rendered":"https:\/\/web-sme-csp.com\/albania\/?page_id=197"},"modified":"2021-01-19T10:31:12","modified_gmt":"2021-01-19T10:31:12","slug":"kriteret-e-pranueshmerise","status":"publish","type":"page","link":"https:\/\/web-sme-csp.com\/albania\/sq\/kriteret-e-pranueshmerise\/","title":{"rendered":"Kriteret e pranueshm\u00ebris\u00eb"},"content":{"rendered":"\t\t<div data-elementor-type=\"wp-page\" data-elementor-id=\"197\" class=\"elementor elementor-197\" data-elementor-post-type=\"page\">\n\t\t\t\t\t\t<section class=\"elementor-section elementor-top-section elementor-element elementor-element-10c0195 elementor-section-full_width elementor-section-height-default elementor-section-height-default\" data-id=\"10c0195\" data-element_type=\"section\" data-e-type=\"section\">\n\t\t\t\t\t\t<div class=\"elementor-container elementor-column-gap-no\">\n\t\t\t\t\t<div class=\"elementor-column elementor-col-100 elementor-top-column elementor-element elementor-element-fb48ee8\" data-id=\"fb48ee8\" data-element_type=\"column\" data-e-type=\"column\">\n\t\t\t<div class=\"elementor-widget-wrap elementor-element-populated\">\n\t\t\t\t\t\t<div class=\"elementor-element elementor-element-0dfb9fc elementor-skin-carousel elementor-widget elementor-widget-media-carousel\" data-id=\"0dfb9fc\" data-element_type=\"widget\" data-e-type=\"widget\" data-settings=\"{&quot;space_between&quot;:{&quot;unit&quot;:&quot;px&quot;,&quot;size&quot;:0,&quot;sizes&quot;:[]},&quot;skin&quot;:&quot;carousel&quot;,&quot;effect&quot;:&quot;slide&quot;,&quot;speed&quot;:500,&quot;autoplay&quot;:&quot;yes&quot;,&quot;autoplay_speed&quot;:5000,&quot;loop&quot;:&quot;yes&quot;,&quot;pause_on_hover&quot;:&quot;yes&quot;,&quot;pause_on_interaction&quot;:&quot;yes&quot;,&quot;space_between_tablet&quot;:{&quot;unit&quot;:&quot;px&quot;,&quot;size&quot;:10,&quot;sizes&quot;:[]},&quot;space_between_mobile&quot;:{&quot;unit&quot;:&quot;px&quot;,&quot;size&quot;:10,&quot;sizes&quot;:[]}}\" data-widget_type=\"media-carousel.default\">\n\t\t\t\t<div class=\"elementor-widget-container\">\n\t\t\t\t\t\t\t\t\t<div class=\"elementor-swiper\">\n\t\t\t\t\t<div class=\"elementor-main-swiper swiper\" role=\"region\" aria-roledescription=\"carousel\" aria-label=\"Slides\">\n\t\t\t\t<div class=\"swiper-wrapper\">\n\t\t\t\t\t\t\t\t\t\t\t<div class=\"swiper-slide\" role=\"group\" aria-roledescription=\"slide\">\n\t\t\t\t\t\t\t\t\t<div class=\"elementor-carousel-image\" role=\"img\" aria-label=\"\" style=\"background-image: url(&#039;https:\/\/westernbalkan.ybm.eu\/kosovo\/wp-content\/uploads\/sites\/3\/2019\/03\/395129-PCH2M7-589-e1552605691578.jpg&#039;)\">\n\n\t\t\t\n\t\t\t\t\t<\/div>\n\t\t\t\t\t\t\t\t<\/div>\n\t\t\t\t\t\t\t\t\t<\/div>\n\t\t\t\t\t\t\t<\/div>\n\t\t\t\t<\/div>\n\t\t\t\t\t\t\t\t<\/div>\n\t\t\t\t<\/div>\n\t\t\t\t\t<\/div>\n\t\t<\/div>\n\t\t\t\t\t<\/div>\n\t\t<\/section>\n\t\t\t\t<section class=\"elementor-section elementor-top-section elementor-element elementor-element-8b50078 elementor-section-content-middle elementor-section-boxed elementor-section-height-default elementor-section-height-default\" data-id=\"8b50078\" data-element_type=\"section\" data-e-type=\"section\" data-settings=\"{&quot;background_background&quot;:&quot;classic&quot;}\">\n\t\t\t\t\t\t<div class=\"elementor-container elementor-column-gap-default\">\n\t\t\t\t\t<div class=\"elementor-column elementor-col-100 elementor-top-column elementor-element elementor-element-93b3bab\" data-id=\"93b3bab\" data-element_type=\"column\" data-e-type=\"column\" data-settings=\"{&quot;background_background&quot;:&quot;classic&quot;}\">\n\t\t\t<div class=\"elementor-widget-wrap elementor-element-populated\">\n\t\t\t\t\t\t<div class=\"elementor-element elementor-element-3a4a7a4 elementor-widget elementor-widget-heading\" data-id=\"3a4a7a4\" data-element_type=\"widget\" data-e-type=\"widget\" data-widget_type=\"heading.default\">\n\t\t\t\t<div class=\"elementor-widget-container\">\n\t\t\t\t\t<h1 class=\"elementor-heading-title elementor-size-default\">Kriteret e pranueshm\u00ebris\u00eb<\/h1>\t\t\t\t<\/div>\n\t\t\t\t<\/div>\n\t\t\t\t<div class=\"elementor-element elementor-element-acaf600 elementor-widget elementor-widget-text-editor\" data-id=\"acaf600\" data-element_type=\"widget\" data-e-type=\"widget\" data-widget_type=\"text-editor.default\">\n\t\t\t\t<div class=\"elementor-widget-container\">\n\t\t\t\t\t\t\t\t\t<p style=\"text-align: center; background: white; margin: 0in 0in .25in 0in;\" align=\"center\"><span style=\"font-size: 15.0pt; font-family: 'Arial',sans-serif; color: black; text-transform: uppercase; letter-spacing: 7.5pt;\">KUSH DHE \u00c7KA MUND T\u00cb FINANCOHET<\/span><\/p>\t\t\t\t\t\t\t\t<\/div>\n\t\t\t\t<\/div>\n\t\t\t\t\t<\/div>\n\t\t<\/div>\n\t\t\t\t\t<\/div>\n\t\t<\/section>\n\t\t\t\t<section class=\"elementor-section elementor-top-section elementor-element elementor-element-7981172 elementor-section-boxed elementor-section-height-default elementor-section-height-default\" data-id=\"7981172\" data-element_type=\"section\" data-e-type=\"section\">\n\t\t\t\t\t\t<div class=\"elementor-container elementor-column-gap-default\">\n\t\t\t\t\t<div class=\"elementor-column elementor-col-100 elementor-top-column elementor-element elementor-element-1934644\" data-id=\"1934644\" data-element_type=\"column\" data-e-type=\"column\">\n\t\t\t<div class=\"elementor-widget-wrap elementor-element-populated\">\n\t\t\t\t\t\t<div class=\"elementor-element elementor-element-2b376c9 elementor-widget elementor-widget-heading\" data-id=\"2b376c9\" data-element_type=\"widget\" data-e-type=\"widget\" data-widget_type=\"heading.default\">\n\t\t\t\t<div class=\"elementor-widget-container\">\n\t\t\t\t\t<h2 class=\"elementor-heading-title elementor-size-default\">KUSH MUND T\u00cb APLIKOJ\u00cb?<\/h2>\t\t\t\t<\/div>\n\t\t\t\t<\/div>\n\t\t\t\t<div class=\"elementor-element elementor-element-6cf30cb elementor-widget elementor-widget-text-editor\" data-id=\"6cf30cb\" data-element_type=\"widget\" data-e-type=\"widget\" data-widget_type=\"text-editor.default\">\n\t\t\t\t<div class=\"elementor-widget-container\">\n\t\t\t\t\t\t\t\t\t<p>Kompanit\u00eb e m\u00ebposhtme mund t\u00eb aplikojn\u00eb p\u00ebr nj\u00eb kredi dhe grant nga Programi p\u00ebr Mb\u00ebshtetjen e Konkurrueshm\u00ebris\u00eb s\u00eb NVM-ve n\u00eb Shqip\u00ebri:<\/p><ul><li><ul><li>Nd\u00ebrmarrjet e vogla dhe t\u00eb mesme, nd\u00ebrmarrjet, firmat, bizneset, pronar\u00ebt individual, ose subjekte t\u00eb tjera ligjore t\u00eb formuara sipas ligjeve t\u00eb Shqip\u00ebris\u00eb, ose individ\u00eb t\u00eb regjistruar si sip\u00ebrmarr\u00ebs ose t\u00eb angazhuar n\u00eb aktivitete ekonomike, n\u00eb p\u00ebrputhje me ligjet e Shqip\u00ebris\u00eb.<\/li><li>Aplikuesi vepron kryesisht n\u00eb Shqip\u00ebri ose ka nj\u00eb vend fiks biznesi n\u00eb Shqip\u00ebri p\u00ebrmes t\u00eb cilit kryhet t\u00ebr\u00ebsisht ose pjes\u00ebrisht biznesi i tij.<\/li><li>Aplikanti ka m\u00eb pak se 250 pun\u00ebtor\u00eb dhe t\u00eb ardhurat vjetore NUK jan\u00eb mbi totalin prej 50 milion euro dhe\/ose ka nj\u00eb bilanc vjetor q\u00eb NUK e kalon shum\u00ebn e barabart\u00eb me 43 milion\u00eb euro.<\/li><li>Biznesi i Aplikuesit NUK \u00ebsht\u00eb n\u00eb shumic\u00eb t\u00eb pron\u00ebsis\u00eb ose n\u00eb kontrollim nga qeveria e Shqip\u00ebri, ose nga nj\u00eb organ i qeverisjes vendore, ose nga ndonj\u00eb organ, agjension ose n\u00ebn-deg\u00eb politike, qeveritare apo administrative. Sh\u00ebrbimet publike, t\u00eb cilat jan\u00eb n\u00eb shumic\u00eb t\u00eb zot\u00ebruara ose t\u00eb kontrolluara nga qeveria e Shqip\u00ebris\u00eb ose nga qeverit\u00eb lokale apo agjencit\u00eb qeveritare t\u00eb Shqip\u00ebris\u00eb, nuk jan\u00eb t\u00eb ligjsh\u00ebm p\u00ebr aplikim p\u00ebr kredit\u00eb. P\u00ebr shmangien e dyshimit, p\u00ebrqindja e p\u00ebrgjithshme e pron\u00ebsis\u00eb s\u00eb Kredi-marruesit nga qeveria ose nj\u00eb entitet qeveritar, qoft\u00eb ligjor apo p\u00ebrfitues, i drejtp\u00ebrdrejt\u00eb ose i t\u00ebrthort\u00eb, nuk mund t\u00eb jet\u00eb m\u00eb e madhe se 49% dhe qeveria dhe \/ ose \u00e7do nj\u00ebsi qeveritare duhet t\u00eb mos p\u00ebrfshihen drejtp\u00ebrdrejt ose t\u00ebrthorazi n\u00eb menaxhimin e p\u00ebrditsh\u00ebm t\u00eb biznesit t\u00eb aplikantit, ose t\u00eb ken\u00eb kontroll mbi drejtimin e pun\u00ebve t\u00eb aplikantit.<\/li><li>Aplikuesi ka marr\u00eb t\u00eb gjitha miratimet dhe lejet e nevojshme dhe \u00ebsht\u00eb n\u00eb p\u00ebrputhje me legjislacionin komb\u00ebtar mjedisor, social, sh\u00ebndet\u00ebsor dhe t\u00eb siguris\u00eb t\u00eb Shqip\u00ebris\u00eb.<\/li><li>Aplikuesi NUK \u00ebsht\u00eb i p\u00ebrfshir\u00eb n\u00eb list\u00ebn e BERZH-it t\u00eb personave ose subjekteve t\u00eb papranueshme p\u00ebr t\u2019u dh\u00ebn\u00eb nj\u00eb kontrat\u00eb t\u00eb financuar nga BERZH ose p\u00ebr financimin e BERZH-it.<\/li><li>Kompanit\u00eb, bizneset, personat ose subjektet e m\u00ebposhtme nuk mund t\u00eb aplikojn\u00eb p\u00ebr kredi dhe grante n\u00eb kuad\u00ebr t\u00eb Programit t\u00eb Mb\u00ebshtetjes s\u00eb Konkurrueshm\u00ebris\u00eb t\u00eb NVM-ve n\u00eb Shqip\u00ebri:<\/li><\/ul><\/li><\/ul>\t\t\t\t\t\t\t\t<\/div>\n\t\t\t\t<\/div>\n\t\t\t\t<div class=\"elementor-element elementor-element-7ca3647 elementor-widget elementor-widget-text-editor\" data-id=\"7ca3647\" data-element_type=\"widget\" data-e-type=\"widget\" data-widget_type=\"text-editor.default\">\n\t\t\t\t<div class=\"elementor-widget-container\">\n\t\t\t\t\t\t\t\t\t<ul><li style=\"list-style-type: none;\"><ul style=\"list-style-type: circle;\"><li>kompanit\u00eb dhe bizneset e p\u00ebrfshira n\u00eb prodhimin dhe\/ose tregtin\u00eb e arm\u00ebve ose pajisjeve ushtarake;<\/li><li>institucionet financiare ose kompanit\u00eb e sh\u00ebrbimeve financiare;<\/li><li>bizneset e sigurimeve;<\/li><li>kompanit\u00eb dhe bizneset e p\u00ebrfshira n\u00eb prodhimin e duhanit apo pijeve alkoolike;<\/li><li>kompanit\u00eb dhe bizneset e p\u00ebrfshira n\u00eb shitjen e duhanit apo pijeve alkoolike (p\u00ebrve\u00e7 ku<\/li><li>shitja e duhanit ose pijeve alkoolike t\u00eb forta \u00ebsht\u00eb ndihm\u00ebse p\u00ebr aktivitetin primar t\u00eb biznesit);<\/li><li>kazinot ose objekte t\u00eb tjera t\u00eb loj\u00ebrave t\u00eb fatit;<\/li><li>kompanit\u00eb dhe bizneset e p\u00ebrfshira n\u00eb investimet spekulative n\u00eb prona ose valuta ose ndonj\u00eb investim tjet\u00ebr spekulativ;<\/li><li>kompanit\u00eb dhe bizneset e p\u00ebrfshira n\u00eb investime n\u00eb letra me vler\u00eb t\u00eb \u00e7far\u00ebdo lloji, duke p\u00ebrfshir\u00eb investimet n\u00eb kapitalin aksionar t\u00eb kompanive t\u00eb tjera;<\/li><li>\u00e7do aktivitet q\u00eb shfaqet n\u00eb List\u00ebn e P\u00ebrjashtimit Mjedisor dhe Social t\u00eb BERZH-it (<a href=\"https:\/\/ebrdgeff.com\/romania\/wp-content\/uploads\/2017\/03\/Environmental_and_Social_Exclusion_and_Referral_Lists.pdf\">https:\/\/ebrdgeff.com\/romania\/wp-content\/uploads\/2017\/03\/Environmental_and_Social_Exclusion_and_Referral_Lists.pdf<\/a>)\u00a0<\/li><li>pa miratimin paraprak me shkrim t\u00eb BERZH, \u00e7do aktivitet q\u00eb shfaqet n\u00eb list\u00ebn treguese t\u00eb projekteve t\u00eb Kategoris\u00eb A t\u00eb p\u00ebrfshira si Shtojca 2 e Politik\u00ebs Mjedisore dhe Sociale t\u00eb BERZH (data: prill 2019 \u2013\u00a0<a href=\"https:\/\/www.ebrd.com\/news\/publications\/policies\/environmental-and-social-policy-esp.html\">https:\/\/www.ebrd.com\/news\/publications\/policies\/environmental-and-social-policy-esp.html<\/a>);\u00a0projektet e tilla do t\u00eb k\u00ebrkohen t\u2019i p\u00ebrmbushin K\u00ebrkesat e Performanc\u00ebs s\u00eb BERZH-it.<\/li><\/ul><\/li><\/ul>\t\t\t\t\t\t\t\t<\/div>\n\t\t\t\t<\/div>\n\t\t\t\t\t<\/div>\n\t\t<\/div>\n\t\t\t\t\t<\/div>\n\t\t<\/section>\n\t\t\t\t<section class=\"elementor-section elementor-top-section elementor-element elementor-element-7b7ed59 elementor-section-boxed elementor-section-height-default elementor-section-height-default\" data-id=\"7b7ed59\" data-element_type=\"section\" data-e-type=\"section\">\n\t\t\t\t\t\t<div class=\"elementor-container elementor-column-gap-default\">\n\t\t\t\t\t<div class=\"elementor-column elementor-col-50 elementor-top-column elementor-element elementor-element-127d9b4\" data-id=\"127d9b4\" data-element_type=\"column\" data-e-type=\"column\">\n\t\t\t<div class=\"elementor-widget-wrap elementor-element-populated\">\n\t\t\t\t\t\t<div class=\"elementor-element elementor-element-9a98a3e elementor-widget elementor-widget-heading\" data-id=\"9a98a3e\" data-element_type=\"widget\" data-e-type=\"widget\" data-widget_type=\"heading.default\">\n\t\t\t\t<div class=\"elementor-widget-container\">\n\t\t\t\t\t<h2 class=\"elementor-heading-title elementor-size-default\">CILAT PROJEKTE INVESTIVE PRANOHEN?<\/h2>\t\t\t\t<\/div>\n\t\t\t\t<\/div>\n\t\t\t\t<div class=\"elementor-element elementor-element-52ad53b elementor-widget elementor-widget-text-editor\" data-id=\"52ad53b\" data-element_type=\"widget\" data-e-type=\"widget\" data-widget_type=\"text-editor.default\">\n\t\t\t\t<div class=\"elementor-widget-container\">\n\t\t\t\t\t\t\t\t\t<ul><li style=\"list-style-type: none;\"><ul><li>Projekti investues duhet t\u00eb jet\u00eb financiarisht i zbatuesh\u00ebm dhe t\u00eb plot\u00ebsoj\u00eb kriteret e zakonshme t\u00eb kreditimit t\u00eb Bank\u00ebs Partnere n\u00eb p\u00ebrputhje me procedurat e tyre t\u00eb zakonshme t\u00eb vler\u00ebsimit t\u00eb kredis\u00eb. Vendimi n\u00ebse do t\u00eb jepet nj\u00eb kredi ose nuk jepet mbetet tek Bankat Partnere t\u00eb Programit dhe as BERZH, as BE, as Konsulent\u00ebt e Projektit nuk kan\u00eb ndonj\u00eb ndikim mbi vendimin.<\/li><li>Projekti \u00ebsht\u00eb implementuar n\u00eb Shqip\u00ebri.<\/li><li>Ai \u00ebsht\u00eb n\u00eb p\u00ebrputhje me t\u00eb gjitha legjislacionin e zbatuesh\u00ebm komb\u00ebtar mjedisor, social, sh\u00ebndet\u00ebsor dhe t\u00eb siguris\u00eb dhe rregulloret dhe standardet e pun\u00ebsimit n\u00eb fuqi n\u00eb Shqip\u00ebri, si dhe \u00e7do detyrim p\u00ebrkat\u00ebs p\u00ebr konsultimin me publikun, n\u00eb fuqi n\u00eb Shqip\u00ebri.<\/li><li>Projekti investues nuk ka p\u00ebrfituar, ose nuk do t\u00eb p\u00ebrfitoj\u00eb, nga nj\u00eb grant tjet\u00ebr.<\/li><\/ul><\/li><\/ul>\t\t\t\t\t\t\t\t<\/div>\n\t\t\t\t<\/div>\n\t\t\t\t\t<\/div>\n\t\t<\/div>\n\t\t\t\t<div class=\"elementor-column elementor-col-50 elementor-top-column elementor-element elementor-element-1b209fa\" data-id=\"1b209fa\" data-element_type=\"column\" data-e-type=\"column\">\n\t\t\t<div class=\"elementor-widget-wrap elementor-element-populated\">\n\t\t\t\t\t\t<div class=\"elementor-element elementor-element-d6236b3 elementor-widget elementor-widget-image\" data-id=\"d6236b3\" data-element_type=\"widget\" data-e-type=\"widget\" data-widget_type=\"image.default\">\n\t\t\t\t<div class=\"elementor-widget-container\">\n\t\t\t\t\t\t\t\t\t\t\t\t\t\t\t<img decoding=\"async\" src=\"https:\/\/westernbalkan.ybm.eu\/kosovo\/wp-content\/uploads\/sites\/3\/2019\/03\/796-e1552606589615.jpg\" title=\"\" alt=\"\" loading=\"lazy\" \/>\t\t\t\t\t\t\t\t\t\t\t\t\t\t\t<\/div>\n\t\t\t\t<\/div>\n\t\t\t\t\t<\/div>\n\t\t<\/div>\n\t\t\t\t\t<\/div>\n\t\t<\/section>\n\t\t\t\t<section class=\"elementor-section elementor-top-section elementor-element elementor-element-5aecaa9 elementor-section-boxed elementor-section-height-default elementor-section-height-default\" data-id=\"5aecaa9\" data-element_type=\"section\" data-e-type=\"section\">\n\t\t\t\t\t\t<div class=\"elementor-container elementor-column-gap-default\">\n\t\t\t\t\t<div class=\"elementor-column elementor-col-100 elementor-top-column elementor-element elementor-element-2a1f9b6\" data-id=\"2a1f9b6\" data-element_type=\"column\" data-e-type=\"column\">\n\t\t\t<div class=\"elementor-widget-wrap elementor-element-populated\">\n\t\t\t\t\t\t<div class=\"elementor-element elementor-element-66556e2 elementor-widget elementor-widget-text-editor\" data-id=\"66556e2\" data-element_type=\"widget\" data-e-type=\"widget\" data-widget_type=\"text-editor.default\">\n\t\t\t\t<div class=\"elementor-widget-container\">\n\t\t\t\t\t\t\t\t\t<p>P\u00ebr t\u00eb qen\u00eb i p\u00ebrshtatsh\u00ebm p\u00ebr financim n\u00eb kuad\u00ebr t\u00eb Programit, \u00e7do projekt invesues do t\u00eb p\u00ebrfshij\u00eb:<\/p><ul><li style=\"list-style-type: none;\"><ul><li>nj\u00eb investim n\u00eb ambiente industriale, pajisje, softuerike, p\u00ebrmir\u00ebsim t\u00eb sistemeve t\u00eb menaxhimit t\u00eb nd\u00ebrmarrjeve dhe p\u00ebrmir\u00ebsim t\u00eb p\u00ebrgjithsh\u00ebm q\u00eb \u00ebsht\u00eb hartuar p\u00ebr t\u00eb p\u00ebrmir\u00ebsuar p\u00ebrputhshm\u00ebrin\u00eb me nj\u00eb ose m\u00eb shum\u00eb direktiva t\u00eb BE-s\u00eb n\u00eb fush\u00ebn e mbrojtjes s\u00eb mjedisit, sigurin\u00eb e pun\u00ebtor\u00ebve dhe cil\u00ebsin\u00eb dhe sigurin\u00eb e produktit, si\u00e7 renditen n\u00eb Direktivat e BE-s\u00eb me prioritet, t\u00eb zbatueshme p\u00ebr projektin p\u00ebrkat\u00ebs t\u00eb investues; ose me nj\u00eb direktiv\u00eb t\u00eb BE-s\u00eb (p\u00ebrve\u00e7 Direktiv\u00ebs s\u00eb BE-s\u00eb me Prioritet) t\u00eb cil\u00ebn ekipi yn\u00eb teknik ka konfirmuar se duhet t\u2019i p\u00ebrputheni.<\/li><\/ul><\/li><\/ul><p style=\"background: white; margin: 0in 0in .25in 0in;\"><span style=\"font-family: 'Helvetica Neue'; color: black;\">P\u00ebrve\u00e7 k\u00ebsaj dhe aty ku \u00ebsht\u00eb e r\u00ebnd\u00ebsishme, investimet mund t\u00eb b\u00ebhen n\u00eb teknologjit\u00eb me performanc\u00eb t\u00eb lart\u00eb q\u00eb plot\u00ebsojn\u00eb kriteret p\u00ebr teknologjit\u00eb e performanc\u00ebs s\u00eb lart\u00eb. Ekipi yn\u00eb i ekspert\u00ebve do t\u2019ju ofroj\u00eb udh\u00ebzime shtes\u00eb p\u00ebr optimizimin e zgjedhjeve t\u00eb teknologjis\u00eb q\u00eb kan\u00eb p\u00ebr q\u00ebllim rritjen e q\u00ebndrueshm\u00ebris\u00eb financiare t\u00eb projektit tuaj investues.<\/span><\/p><p style=\"background: white; margin: 0in 0in .25in 0in;\"><strong><span style=\"font-family: 'Helvetica Neue'; color: black;\">P\u00ebrve\u00e7 t\u00eb lart\u00ebp\u00ebrmendura, mund t\u00eb aplikohen edhe k\u00ebto kritere specifike:<\/span><\/strong><\/p>\t\t\t\t\t\t\t\t<\/div>\n\t\t\t\t<\/div>\n\t\t\t\t\t<\/div>\n\t\t<\/div>\n\t\t\t\t\t<\/div>\n\t\t<\/section>\n\t\t\t\t<section class=\"elementor-section elementor-top-section elementor-element elementor-element-2322eb9 elementor-section-boxed elementor-section-height-default elementor-section-height-default\" data-id=\"2322eb9\" data-element_type=\"section\" data-e-type=\"section\">\n\t\t\t\t\t\t<div class=\"elementor-container elementor-column-gap-default\">\n\t\t\t\t\t<div class=\"elementor-column elementor-col-33 elementor-top-column elementor-element elementor-element-bcbd602\" data-id=\"bcbd602\" data-element_type=\"column\" data-e-type=\"column\" data-settings=\"{&quot;background_background&quot;:&quot;classic&quot;}\">\n\t\t\t<div class=\"elementor-widget-wrap elementor-element-populated\">\n\t\t\t\t\t\t<div class=\"elementor-element elementor-element-5bdc918 elementor-widget elementor-widget-image\" data-id=\"5bdc918\" data-element_type=\"widget\" data-e-type=\"widget\" data-widget_type=\"image.default\">\n\t\t\t\t<div class=\"elementor-widget-container\">\n\t\t\t\t\t\t\t\t\t\t\t\t\t\t\t<img decoding=\"async\" src=\"https:\/\/westernbalkan.ybm.eu\/kosovo\/wp-content\/uploads\/sites\/3\/2019\/03\/124-e1552606007913.jpg\" title=\"\" alt=\"\" loading=\"lazy\" \/>\t\t\t\t\t\t\t\t\t\t\t\t\t\t\t<\/div>\n\t\t\t\t<\/div>\n\t\t\t\t<div class=\"elementor-element elementor-element-f26c1e2 elementor-widget elementor-widget-heading\" data-id=\"f26c1e2\" data-element_type=\"widget\" data-e-type=\"widget\" data-widget_type=\"heading.default\">\n\t\t\t\t<div class=\"elementor-widget-container\">\n\t\t\t\t\t<h2 class=\"elementor-heading-title elementor-size-default\">Pajisje t\u00eb Dor\u00ebs s\u00eb Dyt\u00eb<\/h2>\t\t\t\t<\/div>\n\t\t\t\t<\/div>\n\t\t\t\t<div class=\"elementor-element elementor-element-f18af10 elementor-widget elementor-widget-text-editor\" data-id=\"f18af10\" data-element_type=\"widget\" data-e-type=\"widget\" data-widget_type=\"text-editor.default\">\n\t\t\t\t<div class=\"elementor-widget-container\">\n\t\t\t\t\t\t\t\t\t<p>Pajisjet e dor\u00ebs s\u00eb dyt\u00eb jan\u00eb v\u00ebshtir\u00eb t\u00eb justifikueshme n\u00ebp\u00ebrmjet Programit t\u00eb Mb\u00ebshtetjes s\u00eb Konkurrueshm\u00ebris\u00eb s\u00eb NVM-ve n\u00eb Shqip\u00ebri, pasi q\u00eb investimet n\u00eb pajisje t\u00eb dor\u00ebs s\u00eb dyt\u00eb p\u00ebrfshijn\u00eb disa rreziqe.<\/p><p>Financimi i pajisjeve t\u00eb dor\u00ebs s\u00eb dyt\u00eb \u00ebsht\u00eb i mundsh\u00ebm n\u00ebse n\u00eb kushte t\u00eb jasht\u00ebzakonshme pajisja \u00ebsht\u00eb vler\u00ebsuar t\u00ebr\u00ebsisht nga Konsulent\u00ebt e Projektit dhe n\u00ebse kushtet n\u00eb vijim plot\u00ebsohen:<\/p><ul><li style=\"list-style-type: none;\"><ul><li>Pajisjet jan\u00eb riparuar plot\u00ebsisht nga prodhuesi ose nj\u00eb qend\u00ebr e autorizuar<\/li><li>Pajisja ka nj\u00eb garanci prej s\u00eb paku 6 muajsh t\u00eb l\u00ebshuar nga kompania p\u00ebr rind\u00ebrtim<\/li><li>D\u00ebshmohet paan\u00ebsia e kostos s\u00eb investimit n\u00eb krahasim me pajisjet e reja<\/li><\/ul><\/li><\/ul>\t\t\t\t\t\t\t\t<\/div>\n\t\t\t\t<\/div>\n\t\t\t\t\t<\/div>\n\t\t<\/div>\n\t\t\t\t<div class=\"elementor-column elementor-col-33 elementor-top-column elementor-element elementor-element-f1bc195\" data-id=\"f1bc195\" data-element_type=\"column\" data-e-type=\"column\" data-settings=\"{&quot;background_background&quot;:&quot;classic&quot;}\">\n\t\t\t<div class=\"elementor-widget-wrap elementor-element-populated\">\n\t\t\t\t\t\t<div class=\"elementor-element elementor-element-43bc628 elementor-widget elementor-widget-image\" data-id=\"43bc628\" data-element_type=\"widget\" data-e-type=\"widget\" data-widget_type=\"image.default\">\n\t\t\t\t<div class=\"elementor-widget-container\">\n\t\t\t\t\t\t\t\t\t\t\t\t\t\t\t<img decoding=\"async\" src=\"https:\/\/westernbalkan.ybm.eu\/kosovo\/wp-content\/uploads\/sites\/3\/2019\/03\/1350-e1552605987645.jpg\" title=\"\" alt=\"\" loading=\"lazy\" \/>\t\t\t\t\t\t\t\t\t\t\t\t\t\t\t<\/div>\n\t\t\t\t<\/div>\n\t\t\t\t<div class=\"elementor-element elementor-element-7236d18 elementor-widget elementor-widget-heading\" data-id=\"7236d18\" data-element_type=\"widget\" data-e-type=\"widget\" data-widget_type=\"heading.default\">\n\t\t\t\t<div class=\"elementor-widget-container\">\n\t\t\t\t\t<h2 class=\"elementor-heading-title elementor-size-default\">Automjetet <\/h2>\t\t\t\t<\/div>\n\t\t\t\t<\/div>\n\t\t\t\t<div class=\"elementor-element elementor-element-cdc27ff elementor-widget elementor-widget-text-editor\" data-id=\"cdc27ff\" data-element_type=\"widget\" data-e-type=\"widget\" data-widget_type=\"text-editor.default\">\n\t\t\t\t<div class=\"elementor-widget-container\">\n\t\t\t\t\t\t\t\t\t<p>Automjetet e reja jan\u00eb t\u00eb pranueshme p\u00ebr kredi dhe grant p\u00ebrmes Programit n\u00ebse:<\/p><ul><li><ul><li>p\u00ebrdoren vet\u00ebm p\u00ebr q\u00ebllime biznesore<\/li><li>z\u00ebvend\u00ebsojn\u00eb automjete t\u00eb vjetra (d\u00ebshmia e mos-operimit t\u00eb automjetit t\u00eb vjet\u00ebr duhet t\u00eb sigurohet)<\/li><\/ul><\/li><\/ul><p>plot\u00ebson standardet e parapara t\u00eb BE-s\u00eb.<\/p><p>Kriteret e detajuara t\u00eb m\u00ebposhtme ekzistojn\u00eb p\u00ebr llojet e ndryshme t\u00eb automjeteve, p\u00ebrve\u00e7 kritereve t\u00eb lartp\u00ebrmendura:<\/p><ul><li><ul><li>Taxi: Automjetet duhet t\u00eb jen\u00eb vetura hibride<\/li><li>Kamionet: s\u00eb paku plot\u00ebsojn\u00eb norm\u00ebn Euro 6;<\/li><li>Furgonat: s\u00eb paku plot\u00ebsojn\u00eb norm\u00ebn Euro 6, t\u00eb regjistruar me ligjet lokale p\u00ebr transportimit e mallrave p\u00ebr q\u00ebllime komerciale dhe rrept\u00ebsisht p\u00ebr biznes<\/li><\/ul><\/li><\/ul><p>Autobus\u00ebt: s\u00eb paku plot\u00ebsojn\u00eb norm\u00ebn Euro 6, n\u00eb linj\u00eb me biznesin e kompanis\u00eb (transport t\u00eb pasagjer\u00ebve)<\/p><p>Automjetet e dor\u00ebs s\u00eb dyt\u00eb nuk pranohen.<\/p>\t\t\t\t\t\t\t\t<\/div>\n\t\t\t\t<\/div>\n\t\t\t\t\t<\/div>\n\t\t<\/div>\n\t\t\t\t<div class=\"elementor-column elementor-col-33 elementor-top-column elementor-element elementor-element-1002f55\" data-id=\"1002f55\" data-element_type=\"column\" data-e-type=\"column\" data-settings=\"{&quot;background_background&quot;:&quot;classic&quot;}\">\n\t\t\t<div class=\"elementor-widget-wrap elementor-element-populated\">\n\t\t\t\t\t\t<div class=\"elementor-element elementor-element-ac4abae elementor-widget elementor-widget-image\" data-id=\"ac4abae\" data-element_type=\"widget\" data-e-type=\"widget\" data-widget_type=\"image.default\">\n\t\t\t\t<div class=\"elementor-widget-container\">\n\t\t\t\t\t\t\t\t\t\t\t\t\t\t\t<img decoding=\"async\" src=\"https:\/\/westernbalkan.ybm.eu\/kosovo\/wp-content\/uploads\/sites\/3\/2019\/03\/395129-PCH2M7-589-e1552605691578.jpg\" title=\"\" alt=\"\" loading=\"lazy\" \/>\t\t\t\t\t\t\t\t\t\t\t\t\t\t\t<\/div>\n\t\t\t\t<\/div>\n\t\t\t\t<div class=\"elementor-element elementor-element-90d1b05 elementor-widget elementor-widget-heading\" data-id=\"90d1b05\" data-element_type=\"widget\" data-e-type=\"widget\" data-widget_type=\"heading.default\">\n\t\t\t\t<div class=\"elementor-widget-container\">\n\t\t\t\t\t<h2 class=\"elementor-heading-title elementor-size-default\">Lokalet industriale<\/h2>\t\t\t\t<\/div>\n\t\t\t\t<\/div>\n\t\t\t\t<div class=\"elementor-element elementor-element-869ea97 elementor-widget elementor-widget-text-editor\" data-id=\"869ea97\" data-element_type=\"widget\" data-e-type=\"widget\" data-widget_type=\"text-editor.default\">\n\t\t\t\t<div class=\"elementor-widget-container\">\n\t\t\t\t\t\t\t\t\t<p>Blerja e lokaleve industriale\u00a0<u>dhe<\/u>\u00a0renovimi i lokaleve n\u00eb vete pranohet p\u00ebr financim n\u00eb rast se investimi\u00a0<strong>rrit:<\/strong><\/p><ul><li><ul><li>Sh\u00ebndetin dhe sigurin\u00eb n\u00eb pun\u00eb<\/li><li>Mbrojtjen e ambientit<\/li><li>Sigurin\u00eb dhe kualitetin e produktit<\/li><li>Eficienc\u00ebn e energjis\u00eb<\/li><\/ul><\/li><\/ul><p>n\u00eb p\u00ebrputhje me Direktivat e BE-s\u00eb sikurse parashihet n\u00eb ligjet lokale.<\/p><p>Renovimi i nd\u00ebrtesave ekzistuese apo nd\u00ebrtimi i objekteve t\u00eb reja po ashtu pranohet, n\u00ebse plot\u00ebsohen q\u00ebllimet dhe kriteret e njejta sikurse p\u00ebrshkruhen m\u00eb lart\u00eb.<\/p>\t\t\t\t\t\t\t\t<\/div>\n\t\t\t\t<\/div>\n\t\t\t\t\t<\/div>\n\t\t<\/div>\n\t\t\t\t\t<\/div>\n\t\t<\/section>\n\t\t\t\t<\/div>\n\t\t","protected":false},"excerpt":{"rendered":"<p>Kriteret e pranueshm\u00ebris\u00eb KUSH DHE \u00c7KA MUND T\u00cb FINANCOHET KUSH MUND T\u00cb APLIKOJ\u00cb? Kompanit\u00eb e m\u00ebposhtme mund t\u00eb aplikojn\u00eb p\u00ebr nj\u00eb kredi dhe grant nga Programi p\u00ebr Mb\u00ebshtetjen e Konkurrueshm\u00ebris\u00eb s\u00eb NVM-ve n\u00eb Shqip\u00ebri: Nd\u00ebrmarrjet e vogla dhe t\u00eb mesme, nd\u00ebrmarrjet, firmat, bizneset, pronar\u00ebt individual, ose subjekte t\u00eb tjera ligjore t\u00eb formuara sipas ligjeve t\u00eb [&hellip;]<\/p>\n","protected":false},"author":1,"featured_media":0,"parent":0,"menu_order":0,"comment_status":"closed","ping_status":"closed","template":"elementor_header_footer","meta":{"footnotes":""},"class_list":["post-197","page","type-page","status-publish","hentry"],"yoast_head":"<!-- This site is optimized with the Yoast SEO plugin v27.5 - https:\/\/yoast.com\/product\/yoast-seo-wordpress\/ -->\n<title>Kriteret e pranueshm\u00ebris\u00eb - web-sme-csp.com Albania<\/title>\n<meta name=\"robots\" content=\"index, follow, max-snippet:-1, max-image-preview:large, max-video-preview:-1\" \/>\n<link rel=\"canonical\" href=\"https:\/\/web-sme-csp.com\/albania\/sq\/kriteret-e-pranueshmerise\/\" \/>\n<meta property=\"og:locale\" content=\"sq_AL\" \/>\n<meta property=\"og:type\" content=\"article\" \/>\n<meta property=\"og:title\" content=\"Kriteret e pranueshm\u00ebris\u00eb - web-sme-csp.com Albania\" \/>\n<meta property=\"og:description\" content=\"Kriteret e pranueshm\u00ebris\u00eb KUSH DHE \u00c7KA MUND T\u00cb FINANCOHET KUSH MUND T\u00cb APLIKOJ\u00cb? Kompanit\u00eb e m\u00ebposhtme mund t\u00eb aplikojn\u00eb p\u00ebr nj\u00eb kredi dhe grant nga Programi p\u00ebr Mb\u00ebshtetjen e Konkurrueshm\u00ebris\u00eb s\u00eb NVM-ve n\u00eb Shqip\u00ebri: Nd\u00ebrmarrjet e vogla dhe t\u00eb mesme, nd\u00ebrmarrjet, firmat, bizneset, pronar\u00ebt individual, ose subjekte t\u00eb tjera ligjore t\u00eb formuara sipas ligjeve t\u00eb [&hellip;]\" \/>\n<meta property=\"og:url\" content=\"https:\/\/web-sme-csp.com\/albania\/sq\/kriteret-e-pranueshmerise\/\" \/>\n<meta property=\"og:site_name\" content=\"web-sme-csp.com Albania\" \/>\n<meta property=\"article:publisher\" content=\"https:\/\/www.facebook.com\/NVMShqiperi\" \/>\n<meta property=\"article:modified_time\" content=\"2021-01-19T10:31:12+00:00\" \/>\n<meta property=\"og:image\" content=\"https:\/\/westernbalkan.ybm.eu\/kosovo\/wp-content\/uploads\/sites\/3\/2019\/03\/796-e1552606589615.jpg\" \/>\n<meta name=\"twitter:card\" content=\"summary_large_image\" \/>\n<meta name=\"twitter:label1\" content=\"Est. reading time\" \/>\n\t<meta name=\"twitter:data1\" content=\"7 minutes\" \/>\n<script type=\"application\/ld+json\" class=\"yoast-schema-graph\">{\"@context\":\"https:\\\/\\\/schema.org\",\"@graph\":[{\"@type\":\"WebPage\",\"@id\":\"https:\\\/\\\/web-sme-csp.com\\\/albania\\\/sq\\\/kriteret-e-pranueshmerise\\\/\",\"url\":\"https:\\\/\\\/web-sme-csp.com\\\/albania\\\/sq\\\/kriteret-e-pranueshmerise\\\/\",\"name\":\"Kriteret e pranueshm\u00ebris\u00eb - web-sme-csp.com Albania\",\"isPartOf\":{\"@id\":\"https:\\\/\\\/web-sme-csp.com\\\/albania\\\/#website\"},\"primaryImageOfPage\":{\"@id\":\"https:\\\/\\\/web-sme-csp.com\\\/albania\\\/sq\\\/kriteret-e-pranueshmerise\\\/#primaryimage\"},\"image\":{\"@id\":\"https:\\\/\\\/web-sme-csp.com\\\/albania\\\/sq\\\/kriteret-e-pranueshmerise\\\/#primaryimage\"},\"thumbnailUrl\":\"https:\\\/\\\/westernbalkan.ybm.eu\\\/kosovo\\\/wp-content\\\/uploads\\\/sites\\\/3\\\/2019\\\/03\\\/796-e1552606589615.jpg\",\"datePublished\":\"2021-01-19T10:24:07+00:00\",\"dateModified\":\"2021-01-19T10:31:12+00:00\",\"breadcrumb\":{\"@id\":\"https:\\\/\\\/web-sme-csp.com\\\/albania\\\/sq\\\/kriteret-e-pranueshmerise\\\/#breadcrumb\"},\"inLanguage\":\"sq-AL\",\"potentialAction\":[{\"@type\":\"ReadAction\",\"target\":[\"https:\\\/\\\/web-sme-csp.com\\\/albania\\\/sq\\\/kriteret-e-pranueshmerise\\\/\"]}]},{\"@type\":\"ImageObject\",\"inLanguage\":\"sq-AL\",\"@id\":\"https:\\\/\\\/web-sme-csp.com\\\/albania\\\/sq\\\/kriteret-e-pranueshmerise\\\/#primaryimage\",\"url\":\"https:\\\/\\\/westernbalkan.ybm.eu\\\/kosovo\\\/wp-content\\\/uploads\\\/sites\\\/3\\\/2019\\\/03\\\/796-e1552606589615.jpg\",\"contentUrl\":\"https:\\\/\\\/westernbalkan.ybm.eu\\\/kosovo\\\/wp-content\\\/uploads\\\/sites\\\/3\\\/2019\\\/03\\\/796-e1552606589615.jpg\"},{\"@type\":\"BreadcrumbList\",\"@id\":\"https:\\\/\\\/web-sme-csp.com\\\/albania\\\/sq\\\/kriteret-e-pranueshmerise\\\/#breadcrumb\",\"itemListElement\":[{\"@type\":\"ListItem\",\"position\":1,\"name\":\"Home\",\"item\":\"https:\\\/\\\/web-sme-csp.com\\\/albania\\\/sq\\\/faqja-kryesore\\\/\"},{\"@type\":\"ListItem\",\"position\":2,\"name\":\"Kriteret e pranueshm\u00ebris\u00eb\"}]},{\"@type\":\"WebSite\",\"@id\":\"https:\\\/\\\/web-sme-csp.com\\\/albania\\\/#website\",\"url\":\"https:\\\/\\\/web-sme-csp.com\\\/albania\\\/\",\"name\":\"web-sme-csp.com Albania\",\"description\":\"Albania\",\"publisher\":{\"@id\":\"https:\\\/\\\/web-sme-csp.com\\\/albania\\\/#organization\"},\"potentialAction\":[{\"@type\":\"SearchAction\",\"target\":{\"@type\":\"EntryPoint\",\"urlTemplate\":\"https:\\\/\\\/web-sme-csp.com\\\/albania\\\/?s={search_term_string}\"},\"query-input\":{\"@type\":\"PropertyValueSpecification\",\"valueRequired\":true,\"valueName\":\"search_term_string\"}}],\"inLanguage\":\"sq-AL\"},{\"@type\":\"Organization\",\"@id\":\"https:\\\/\\\/web-sme-csp.com\\\/albania\\\/#organization\",\"name\":\"web-sme-csp.com Albania\",\"url\":\"https:\\\/\\\/web-sme-csp.com\\\/albania\\\/\",\"logo\":{\"@type\":\"ImageObject\",\"inLanguage\":\"sq-AL\",\"@id\":\"https:\\\/\\\/web-sme-csp.com\\\/albania\\\/#\\\/schema\\\/logo\\\/image\\\/\",\"url\":\"https:\\\/\\\/web-sme-csp.com\\\/albania\\\/wp-content\\\/uploads\\\/sites\\\/6\\\/2022\\\/11\\\/logo-en.png\",\"contentUrl\":\"https:\\\/\\\/web-sme-csp.com\\\/albania\\\/wp-content\\\/uploads\\\/sites\\\/6\\\/2022\\\/11\\\/logo-en.png\",\"width\":1280,\"height\":320,\"caption\":\"web-sme-csp.com Albania\"},\"image\":{\"@id\":\"https:\\\/\\\/web-sme-csp.com\\\/albania\\\/#\\\/schema\\\/logo\\\/image\\\/\"},\"sameAs\":[\"https:\\\/\\\/www.facebook.com\\\/NVMShqiperi\"]}]}<\/script>\n<!-- \/ Yoast SEO plugin. -->","yoast_head_json":{"title":"Kriteret e pranueshm\u00ebris\u00eb - web-sme-csp.com Albania","robots":{"index":"index","follow":"follow","max-snippet":"max-snippet:-1","max-image-preview":"max-image-preview:large","max-video-preview":"max-video-preview:-1"},"canonical":"https:\/\/web-sme-csp.com\/albania\/sq\/kriteret-e-pranueshmerise\/","og_locale":"sq_AL","og_type":"article","og_title":"Kriteret e pranueshm\u00ebris\u00eb - web-sme-csp.com Albania","og_description":"Kriteret e pranueshm\u00ebris\u00eb KUSH DHE \u00c7KA MUND T\u00cb FINANCOHET KUSH MUND T\u00cb APLIKOJ\u00cb? Kompanit\u00eb e m\u00ebposhtme mund t\u00eb aplikojn\u00eb p\u00ebr nj\u00eb kredi dhe grant nga Programi p\u00ebr Mb\u00ebshtetjen e Konkurrueshm\u00ebris\u00eb s\u00eb NVM-ve n\u00eb Shqip\u00ebri: Nd\u00ebrmarrjet e vogla dhe t\u00eb mesme, nd\u00ebrmarrjet, firmat, bizneset, pronar\u00ebt individual, ose subjekte t\u00eb tjera ligjore t\u00eb formuara sipas ligjeve t\u00eb [&hellip;]","og_url":"https:\/\/web-sme-csp.com\/albania\/sq\/kriteret-e-pranueshmerise\/","og_site_name":"web-sme-csp.com Albania","article_publisher":"https:\/\/www.facebook.com\/NVMShqiperi","article_modified_time":"2021-01-19T10:31:12+00:00","og_image":[{"url":"https:\/\/westernbalkan.ybm.eu\/kosovo\/wp-content\/uploads\/sites\/3\/2019\/03\/796-e1552606589615.jpg","type":"","width":"","height":""}],"twitter_card":"summary_large_image","twitter_misc":{"Est. reading time":"7 minutes"},"schema":{"@context":"https:\/\/schema.org","@graph":[{"@type":"WebPage","@id":"https:\/\/web-sme-csp.com\/albania\/sq\/kriteret-e-pranueshmerise\/","url":"https:\/\/web-sme-csp.com\/albania\/sq\/kriteret-e-pranueshmerise\/","name":"Kriteret e pranueshm\u00ebris\u00eb - web-sme-csp.com Albania","isPartOf":{"@id":"https:\/\/web-sme-csp.com\/albania\/#website"},"primaryImageOfPage":{"@id":"https:\/\/web-sme-csp.com\/albania\/sq\/kriteret-e-pranueshmerise\/#primaryimage"},"image":{"@id":"https:\/\/web-sme-csp.com\/albania\/sq\/kriteret-e-pranueshmerise\/#primaryimage"},"thumbnailUrl":"https:\/\/westernbalkan.ybm.eu\/kosovo\/wp-content\/uploads\/sites\/3\/2019\/03\/796-e1552606589615.jpg","datePublished":"2021-01-19T10:24:07+00:00","dateModified":"2021-01-19T10:31:12+00:00","breadcrumb":{"@id":"https:\/\/web-sme-csp.com\/albania\/sq\/kriteret-e-pranueshmerise\/#breadcrumb"},"inLanguage":"sq-AL","potentialAction":[{"@type":"ReadAction","target":["https:\/\/web-sme-csp.com\/albania\/sq\/kriteret-e-pranueshmerise\/"]}]},{"@type":"ImageObject","inLanguage":"sq-AL","@id":"https:\/\/web-sme-csp.com\/albania\/sq\/kriteret-e-pranueshmerise\/#primaryimage","url":"https:\/\/westernbalkan.ybm.eu\/kosovo\/wp-content\/uploads\/sites\/3\/2019\/03\/796-e1552606589615.jpg","contentUrl":"https:\/\/westernbalkan.ybm.eu\/kosovo\/wp-content\/uploads\/sites\/3\/2019\/03\/796-e1552606589615.jpg"},{"@type":"BreadcrumbList","@id":"https:\/\/web-sme-csp.com\/albania\/sq\/kriteret-e-pranueshmerise\/#breadcrumb","itemListElement":[{"@type":"ListItem","position":1,"name":"Home","item":"https:\/\/web-sme-csp.com\/albania\/sq\/faqja-kryesore\/"},{"@type":"ListItem","position":2,"name":"Kriteret e pranueshm\u00ebris\u00eb"}]},{"@type":"WebSite","@id":"https:\/\/web-sme-csp.com\/albania\/#website","url":"https:\/\/web-sme-csp.com\/albania\/","name":"web-sme-csp.com Albania","description":"Albania","publisher":{"@id":"https:\/\/web-sme-csp.com\/albania\/#organization"},"potentialAction":[{"@type":"SearchAction","target":{"@type":"EntryPoint","urlTemplate":"https:\/\/web-sme-csp.com\/albania\/?s={search_term_string}"},"query-input":{"@type":"PropertyValueSpecification","valueRequired":true,"valueName":"search_term_string"}}],"inLanguage":"sq-AL"},{"@type":"Organization","@id":"https:\/\/web-sme-csp.com\/albania\/#organization","name":"web-sme-csp.com Albania","url":"https:\/\/web-sme-csp.com\/albania\/","logo":{"@type":"ImageObject","inLanguage":"sq-AL","@id":"https:\/\/web-sme-csp.com\/albania\/#\/schema\/logo\/image\/","url":"https:\/\/web-sme-csp.com\/albania\/wp-content\/uploads\/sites\/6\/2022\/11\/logo-en.png","contentUrl":"https:\/\/web-sme-csp.com\/albania\/wp-content\/uploads\/sites\/6\/2022\/11\/logo-en.png","width":1280,"height":320,"caption":"web-sme-csp.com Albania"},"image":{"@id":"https:\/\/web-sme-csp.com\/albania\/#\/schema\/logo\/image\/"},"sameAs":["https:\/\/www.facebook.com\/NVMShqiperi"]}]}},"_links":{"self":[{"href":"https:\/\/web-sme-csp.com\/albania\/sq\/wp-json\/wp\/v2\/pages\/197","targetHints":{"allow":["GET"]}}],"collection":[{"href":"https:\/\/web-sme-csp.com\/albania\/sq\/wp-json\/wp\/v2\/pages"}],"about":[{"href":"https:\/\/web-sme-csp.com\/albania\/sq\/wp-json\/wp\/v2\/types\/page"}],"author":[{"embeddable":true,"href":"https:\/\/web-sme-csp.com\/albania\/sq\/wp-json\/wp\/v2\/users\/1"}],"replies":[{"embeddable":true,"href":"https:\/\/web-sme-csp.com\/albania\/sq\/wp-json\/wp\/v2\/comments?post=197"}],"version-history":[{"count":4,"href":"https:\/\/web-sme-csp.com\/albania\/sq\/wp-json\/wp\/v2\/pages\/197\/revisions"}],"predecessor-version":[{"id":201,"href":"https:\/\/web-sme-csp.com\/albania\/sq\/wp-json\/wp\/v2\/pages\/197\/revisions\/201"}],"wp:attachment":[{"href":"https:\/\/web-sme-csp.com\/albania\/sq\/wp-json\/wp\/v2\/media?parent=197"}],"curies":[{"name":"wp","href":"https:\/\/api.w.org\/{rel}","templated":true}]}}